{"id":1143,"date":"2023-07-07T12:30:36","date_gmt":"2023-07-07T12:30:36","guid":{"rendered":"https:\/\/lpdsuisse.ch\/datenschutzrichtlinien\/"},"modified":"2023-07-27T14:49:11","modified_gmt":"2023-07-27T14:49:11","slug":"datenschutzrichtlinien","status":"publish","type":"page","link":"https:\/\/lpdsuisse.ch\/de\/datenschutzrichtlinien\/","title":{"rendered":"Datenschutzrichtlinien"},"content":{"rendered":"<p>[et_pb_section fb_built=&#8220;1&#8243; theme_builder_area=&#8220;post_content&#8220; _builder_version=&#8220;4.21.0&#8243; _module_preset=&#8220;default&#8220;][et_pb_row _builder_version=&#8220;4.21.0&#8243; _module_preset=&#8220;default&#8220; theme_builder_area=&#8220;post_content&#8220;][et_pb_column _builder_version=&#8220;4.21.0&#8243; _module_preset=&#8220;default&#8220; type=&#8220;4_4&#8243; theme_builder_area=&#8220;post_content&#8220;][et_pb_text _builder_version=&#8220;4.21.0&#8243; _module_preset=&#8220;default&#8220; theme_builder_area=&#8220;post_content&#8220; hover_enabled=&#8220;0&#8243; sticky_enabled=&#8220;0&#8243;]<\/p>\n<h1><span style=\"font-weight: 400;\">Datenschutzrichtlinie von lpdsuisse.ch<\/span><\/h1>\n<p>&nbsp;<\/p>\n<p><span style=\"font-weight: 400;\">Diese Anwendung sammelt bestimmte pers\u00f6nliche Daten von ihren Nutzern.<\/span><\/p>\n<p>&nbsp;<\/p>\n<p><span style=\"font-weight: 400;\">Dieses Dokument kann zu Ansichtszwecken ausgedruckt werden, indem Sie den Druckbefehl in den Einstellungen eines beliebigen Browsers verwenden.<\/span><\/p>\n<h2><span style=\"font-weight: 400;\">Eigent\u00fcmer und Verantwortlicher f\u00fcr die Verarbeitung<\/span><\/h2>\n<p>&nbsp;<\/p>\n<p><span style=\"font-weight: 400;\">Die DIGIVORES GmbH<\/span><\/p>\n<p><span style=\"font-weight: 400;\">rue des mara\u00eechers 36<\/span><\/p>\n<p><span style=\"font-weight: 400;\">1205 Genf<\/span><\/p>\n<p>&nbsp;<\/p>\n<p><span style=\"font-weight: 400;\">Kontakt-E-Mail des Eigent\u00fcmers: info@lesdigivores.ch<\/span><\/p>\n<h2><span style=\"font-weight: 400;\">Arten von gesammelten Daten<\/span><\/h2>\n<p>&nbsp;<\/p>\n<p><span style=\"font-weight: 400;\">Zu den Arten von personenbezogenen Daten, die diese Anwendung direkt oder \u00fcber Dritte sammelt, geh\u00f6ren: Tracker, Nutzungsdaten.<\/span><\/p>\n<p>&nbsp;<\/p>\n<p><span style=\"font-weight: 400;\">Vollst\u00e4ndige Einzelheiten zu jeder Art von erhobenen personenbezogenen Daten sind in den Abschnitten zu dieser Datenschutzrichtlinie oder in speziellen Erl\u00e4uterungstexten enthalten, die vor der Erhebung der Daten ver\u00f6ffentlicht wurden.<\/span><\/p>\n<p><span style=\"font-weight: 400;\">Pers\u00f6nliche Daten k\u00f6nnen vom Nutzer freiwillig angegeben werden, oder, im Falle von Nutzungsdaten, automatisch gesammelt werden, wenn Sie diese Anwendung nutzen.<\/span><\/p>\n<p><span style=\"font-weight: 400;\">Sofern nicht anders angegeben, sind alle von dieser Anwendung angeforderten Daten obligatorisch und ihr Fehlen kann die Erbringung der Dienste durch diese Anwendung unm\u00f6glich machen. Falls diese Anwendung angibt, dass bestimmte Daten nicht obligatorisch sind, steht es den Nutzern frei, diese Daten nicht anzugeben, ohne dass dies Auswirkungen auf die Verf\u00fcgbarkeit oder den Betrieb des Dienstes hat.<\/span><\/p>\n<p><span style=\"font-weight: 400;\">Nutzer, die Zweifel hinsichtlich der obligatorischen pers\u00f6nlichen Daten haben, werden gebeten, den Eigent\u00fcmer zu kontaktieren.<\/span><\/p>\n<p><span style=\"font-weight: 400;\">Jegliche Verwendung von Cookies &#8211; oder anderen Tracking-Tools &#8211; durch diese Anwendung oder durch die Eigent\u00fcmer von Drittanbieterdiensten, die von dieser Anwendung genutzt werden, dient dazu, den vom Nutzer gew\u00fcnschten Service zu erbringen, zus\u00e4tzlich zu den anderen Zwecken, die hier und in der Cookie-Richtlinie, falls vorhanden, beschrieben sind.<\/span><\/p>\n<p>&nbsp;<\/p>\n<p><span style=\"font-weight: 400;\">Die Nutzer sind f\u00fcr alle pers\u00f6nlichen Daten Dritter verantwortlich, die sie durch diese Anwendung erhalten, ver\u00f6ffentlicht oder weitergegeben haben, und best\u00e4tigen, dass sie die Zustimmung des Dritten zur Bereitstellung der Daten an den Eigent\u00fcmer einholen.<\/span><\/p>\n<p>&nbsp;<\/p>\n<h2><span style=\"font-weight: 400;\">Art und Ort der Datenverarbeitung<\/span><\/h2>\n<p>&nbsp;<\/p>\n<h3><span style=\"font-weight: 400;\">Methoden der Behandlung<\/span><\/h3>\n<p>&nbsp;<\/p>\n<p><span style=\"font-weight: 400;\">Der Eigent\u00fcmer ergreift angemessene Sicherheitsma\u00dfnahmen, um einen unbefugten Zugriff, eine unbefugte Offenlegung, \u00c4nderung oder Vernichtung der Daten zu verhindern.<\/span><\/p>\n<p><span style=\"font-weight: 400;\">Die Verarbeitung der Daten erfolgt mithilfe von Computern oder computergest\u00fctzten Werkzeugen, wobei die Verfahren und Organisationsformen befolgt werden, die eng mit den angegebenen Zwecken verbunden sind. Neben dem Eigent\u00fcmer k\u00f6nnen die Daten in einigen F\u00e4llen auch bestimmten Kategorien von Personen zug\u00e4nglich sein, die f\u00fcr den Betrieb dieser Anwendung verantwortlich sind (Verwaltung, Vertrieb, Marketing, Rechtsabteilung, Systemadministration) oder externen Parteien (wie Drittanbietern von technischen Dienstleistungen, Kurierdiensten, Hosting-Anbietern, IT-Unternehmen, Kommunikationsagenturen), die gegebenenfalls vom Eigent\u00fcmer als Auftragsverarbeiter bezeichnet werden. Die aktualisierte Liste dieser Teile kann jederzeit beim EIGENT\u00dcMER angefordert werden.<\/span><\/p>\n<p>&nbsp;<\/p>\n<h3><span style=\"font-weight: 400;\">Rechtsgrundlage der Verarbeitung<\/span><\/h3>\n<p>&nbsp;<\/p>\n<p><span style=\"font-weight: 400;\">Der Eigent\u00fcmer darf die personenbezogenen Daten der Nutzer verarbeiten, wenn eine der folgenden Bedingungen zutrifft:<\/span><\/p>\n<p>&nbsp;<\/p>\n<ul>\n<li style=\"font-weight: 400;\" aria-level=\"1\"><span style=\"font-weight: 400;\">die Nutzer haben ihre Zustimmung f\u00fcr einen oder mehrere bestimmte Zwecke gegeben; Bitte beachten Sie: Nach bestimmten Gesetzen kann der Eigent\u00fcmer berechtigt sein, Pers\u00f6nliche Daten zu verarbeiten, bis der Nutzer widerspricht (&#8222;opt-out&#8220;), ohne auf die Zustimmung oder eine der folgenden Rechtsgrundlagen angewiesen zu sein. Diese Bedingung gilt jedoch nicht, wenn die Verarbeitung der Pers\u00f6nlichen Daten dem europ\u00e4ischen Datenschutzgesetz unterliegt ;<\/span><\/li>\n<li style=\"font-weight: 400;\" aria-level=\"1\"><span style=\"font-weight: 400;\">die Bereitstellung von Daten f\u00fcr die Erf\u00fcllung einer Vereinbarung mit dem Nutzer oder f\u00fcr eine vorvertragliche Verpflichtung des Nutzers erforderlich ist ;<\/span><\/li>\n<li style=\"font-weight: 400;\" aria-level=\"1\"><span style=\"font-weight: 400;\">Die Verarbeitung ist notwendig, um einer rechtlichen Verpflichtung nachzukommen, der der EIGENT\u00dcMER unterliegt;<\/span><\/li>\n<li style=\"font-weight: 400;\" aria-level=\"1\"><span style=\"font-weight: 400;\">die Verarbeitung mit einer Aufgabe verbunden ist, die im \u00f6ffentlichen Interesse oder in Aus\u00fcbung der dem Eigent\u00fcmer \u00fcbertragenen \u00f6ffentlichen Gewalt erfolgt ;<\/span><\/li>\n<li style=\"font-weight: 400;\" aria-level=\"1\"><span style=\"font-weight: 400;\">die Verarbeitung ist f\u00fcr die legitimen Interessen, die der EIGENT\u00dcMER oder ein Dritter verfolgt, erforderlich.<\/span><\/li>\n<\/ul>\n<p>&nbsp;<\/p>\n<p><span style=\"font-weight: 400;\">In jedem Fall hilft Ihnen der Eigent\u00fcmer gerne bei der Kl\u00e4rung der spezifischen Rechtsgrundlage, die f\u00fcr die Verarbeitung gilt, und insbesondere, ob die Bereitstellung Pers\u00f6nlicher Daten eine gesetzliche oder vertragliche Anforderung ist oder eine Anforderung, die f\u00fcr den Abschluss eines Vertrags erforderlich ist.<\/span><\/p>\n<p>&nbsp;<\/p>\n<h3><span style=\"font-weight: 400;\">Ort der Behandlung<\/span><\/h3>\n<p>&nbsp;<\/p>\n<p><span style=\"font-weight: 400;\">Die Daten werden am Hauptsitz des Eigent\u00fcmers und an allen anderen Orten, an denen sich die f\u00fcr die Verarbeitung verantwortlichen Parteien befinden, verarbeitet.<\/span><\/p>\n<p><span style=\"font-weight: 400;\">Je nach Standort des Nutzers k\u00f6nnen Daten\u00fcbertragungen dazu f\u00fchren, dass die Daten des Nutzers in ein anderes Land als sein eigenes \u00fcbertragen werden. Um mehr dar\u00fcber zu erfahren, wo diese \u00fcbertragenen Daten verarbeitet werden, k\u00f6nnen die Nutzer den Abschnitt konsultieren, der Einzelheiten \u00fcber die Verarbeitung personenbezogener Daten enth\u00e4lt.<\/span><\/p>\n<p>&nbsp;<\/p>\n<p><span style=\"font-weight: 400;\">Die Nutzer haben au\u00dferdem das Recht, die Rechtsgrundlage f\u00fcr die \u00dcbermittlung von Daten in ein Land au\u00dferhalb der Europ\u00e4ischen Union oder an eine internationale Organisation, die dem V\u00f6lkerrecht unterliegt oder von zwei oder mehr L\u00e4ndern gegr\u00fcndet wurde, wie die Vereinten Nationen, sowie die Sicherheitsma\u00dfnahmen zu erfahren, die der Eigent\u00fcmer zur Sicherung ihrer Daten ergriffen hat.<\/span><\/p>\n<p>&nbsp;<\/p>\n<p><span style=\"font-weight: 400;\">Wenn eine solche \u00dcbertragung stattfindet, k\u00f6nnen die Nutzer mehr dar\u00fcber in den entsprechenden Abschnitten dieses Dokuments erfahren oder sich beim Eigent\u00fcmer unter Verwendung der im Kontaktabschnitt angegebenen Informationen erkundigen.<\/span><\/p>\n<p>&nbsp;<\/p>\n<h3><span style=\"font-weight: 400;\">Aufbewahrungszeit<\/span><\/h3>\n<p>&nbsp;<\/p>\n<p><span style=\"font-weight: 400;\">Personenbezogene Daten werden so lange verarbeitet und aufbewahrt, wie es f\u00fcr den Zweck, f\u00fcr den sie erhoben wurden, erforderlich ist.<\/span><\/p>\n<p>&nbsp;<\/p>\n<p><span style=\"font-weight: 400;\">Daraus folgt:<\/span><\/p>\n<p>&nbsp;<\/p>\n<ul>\n<li style=\"font-weight: 400;\" aria-level=\"1\"><span style=\"font-weight: 400;\">Personenbezogene Daten, die f\u00fcr Zwecke im Zusammenhang mit der Erf\u00fcllung eines Vertrags zwischen dem EIGENT\u00dcMER und dem NUTZER erhoben werden, m\u00fcssen bis zur vollst\u00e4ndigen Erf\u00fcllung des Vertrags aufbewahrt werden.<\/span><\/li>\n<li style=\"font-weight: 400;\" aria-level=\"1\"><span style=\"font-weight: 400;\">Personenbezogene Daten, die f\u00fcr die legitimen Interessen des Eigners gesammelt werden, m\u00fcssen so lange aufbewahrt werden, wie es f\u00fcr die Erreichung dieser Ziele notwendig ist. Die Nutzer k\u00f6nnen spezifische Informationen \u00fcber die vom Eigent\u00fcmer verfolgten legitimen Interessen in den entsprechenden Abschnitten dieses Dokuments oder durch Kontaktaufnahme mit dem Eigent\u00fcmer finden.<\/span><\/li>\n<\/ul>\n<p>&nbsp;<\/p>\n<p><span style=\"font-weight: 400;\">Der Eigent\u00fcmer kann berechtigt sein, Pers\u00f6nliche Daten l\u00e4nger zu speichern, wann immer der Nutzer seine Zustimmung zu einer solchen Verarbeitung gegeben hat, solange diese Zustimmung nicht widerrufen wird. Dar\u00fcber hinaus kann der Eigent\u00fcmer verpflichtet sein, Pers\u00f6nliche Daten l\u00e4nger aufzubewahren, wann immer dies zur Erf\u00fcllung einer gesetzlichen Verpflichtung oder auf Anordnung einer Beh\u00f6rde erforderlich ist.<\/span><\/p>\n<p>&nbsp;<\/p>\n<p><span style=\"font-weight: 400;\">Nach Ablauf der Aufbewahrungsfrist werden die Pers\u00f6nlichen Daten gel\u00f6scht. Folglich k\u00f6nnen das Recht auf Zugang, das Recht auf L\u00f6schung, das Recht auf Berichtigung und das Recht auf Daten\u00fcbertragbarkeit nach Ablauf der Aufbewahrungsfrist nicht mehr angewendet werden.<\/span><\/p>\n<p>&nbsp;<\/p>\n<h2><span style=\"font-weight: 400;\">Zweck der Verarbeitung<\/span><\/h2>\n<p>&nbsp;<\/p>\n<p><span style=\"font-weight: 400;\">Nutzerdaten werden erhoben, um es dem EIGENT\u00dcMER zu erm\u00f6glichen, seinen Dienst anzubieten, seine Verpflichtungen zu erf\u00fcllen, auf Anfragen zur Durchsetzung von Gesetzen zu reagieren, seine Rechte und Interessen (oder die seiner Nutzer oder Dritter) zu sch\u00fctzen, b\u00f6swillige oder betr\u00fcgerische Aktivit\u00e4ten aufzudecken, sowie das Folgende: Analysen und Zugriff auf Konten von Drittdiensten.<\/span><\/p>\n<p>&nbsp;<\/p>\n<p><span style=\"font-weight: 400;\">Um genaue Informationen dar\u00fcber zu erhalten, welche personenbezogenen Daten f\u00fcr welchen Zweck verwendet werden, kann der Nutzer den Abschnitt &#8222;Detaillierte Informationen \u00fcber die Verarbeitung personenbezogener Daten&#8220; konsultieren.<\/span><\/p>\n<p>&nbsp;<\/p>\n<h2><span style=\"font-weight: 400;\">Die von dieser Anwendung angeforderten Facebook-Berechtigungen<\/span><\/h2>\n<p>&nbsp;<\/p>\n<p><span style=\"font-weight: 400;\">Diese Anwendung kann Facebook um Erlaubnis bitten, um Aktionen auf dem Facebook-Konto des Nutzers auszuf\u00fchren und Informationen, einschlie\u00dflich personenbezogener Daten, abzurufen. Dieser Dienst erm\u00f6glicht es dieser Anwendung, sich mit dem Konto des Nutzers im sozialen Netzwerk Facebook zu verbinden, das von Facebook Inc. bereitgestellt wird.<\/span><\/p>\n<p>&nbsp;<\/p>\n<p><span style=\"font-weight: 400;\">Weitere Informationen zu den folgenden Berechtigungen finden Sie in der Dokumentation zu den Facebook-Berechtigungen und in den Datenschutzrichtlinien von Facebook.<\/span><\/p>\n<p>&nbsp;<\/p>\n<p><span style=\"font-weight: 400;\">Die beantragten Erlaubnisse sind wie folgt: Aktivit\u00e4ten und Hintergrundinformationen.<\/span><\/p>\n<p>&nbsp;<\/p>\n<h2><span style=\"font-weight: 400;\">Ausf\u00fchrliche Informationen \u00fcber die Verarbeitung personenbezogener Daten<\/span><\/h2>\n<p>&nbsp;<\/p>\n<p><span style=\"font-weight: 400;\">Personenbezogene Daten werden f\u00fcr die folgenden Zwecke mithilfe verschiedener Dienste erhoben:<\/span><\/p>\n<p>&nbsp;<\/p>\n<h3><span style=\"font-weight: 400;\">Zugriff auf Konten von Drittdiensten<\/span><\/h3>\n<p>&nbsp;<\/p>\n<p><span style=\"font-weight: 400;\">Diese Art von Diensten verschafft dieser Anwendung Zugriff auf Ihre Kontodaten bei einem Drittanbieterdienst und erm\u00f6glicht es ihr, Aktionen mit diesem auszuf\u00fchren. Diese Dienste werden nicht automatisch aktiviert, sondern bed\u00fcrfen der ausdr\u00fccklichen Genehmigung des Nutzers.<\/span><\/p>\n<p>&nbsp;<\/p>\n<p><span style=\"font-weight: 400;\">Zugriff auf das Facebook-Konto (Meta Platforms Ireland Limited)<\/span><\/p>\n<p><span style=\"font-weight: 400;\">Dieser Dienst erm\u00f6glicht es dieser Anwendung, sich mit dem Konto des Nutzers im sozialen Netzwerk Facebook zu verbinden, das von Meta Platforms Ireland Limited bereitgestellt wird.<\/span><\/p>\n<p><span style=\"font-weight: 400;\">Beantragte Genehmigungen: Aktivit\u00e4ten.<\/span><\/p>\n<p>&nbsp;<\/p>\n<p><span style=\"font-weight: 400;\">Ort der Datenverarbeitung: Irland &#8211; Datenschutzrichtlinie.<\/span><\/p>\n<p>&nbsp;<\/p>\n<h3><span style=\"font-weight: 400;\">Analysen<\/span><\/h3>\n<p>&nbsp;<\/p>\n<p><span style=\"font-weight: 400;\">Die in diesem Teil enthaltenen Dienste erm\u00f6glichen es dem Eigent\u00fcmer, den Webverkehr zu \u00fcberwachen und zu analysieren und das Verhalten des Nutzers zu verfolgen.<\/span><\/p>\n<p>&nbsp;<\/p>\n<h4><span style=\"font-weight: 400;\">Google Analytics (Google Ireland Limited)<\/span><\/h4>\n<p>&nbsp;<\/p>\n<p><span style=\"font-weight: 400;\">Google Analytics ist ein Webanalysedienst, der von Google Ireland Limited (&#8222;Google&#8220;) bereitgestellt wird. Google verwendet die gesammelten Daten, um die Nutzung dieser Anwendung zu verfolgen und zu analysieren, Berichte \u00fcber die Aktivit\u00e4ten der Anwendung zu erstellen und diese an andere Google-Dienste weiterzugeben. Google kann die gesammelten Daten verwenden, um die Werbung in seinem eigenen Werbenetzwerk zu kontextualisieren und zu personalisieren.<\/span><\/p>\n<p><span style=\"font-weight: 400;\">Verarbeitete personenbezogene Daten : Nutzungsdaten; Tracker.<\/span><\/p>\n<p>&nbsp;<\/p>\n<p><span style=\"font-weight: 400;\">Ort der Datenverarbeitung: Irland &#8211; Datenschutzrichtlinie &#8211; Opt-Out-Option.<\/span><\/p>\n<p>&nbsp;<\/p>\n<h4><span style=\"font-weight: 400;\">Hotjar Form Analysis &amp; Conversion Funnels (Hotjar Ltd.)<\/span><\/h4>\n<p>&nbsp;<\/p>\n<p><span style=\"font-weight: 400;\">Hotjar ist ein Analysedienst, der von Hotjar Ltd. bereitgestellt wird.<\/span><\/p>\n<p><span style=\"font-weight: 400;\">Hotjar respektiert die &#8222;Do Not Track&#8220;-Header (englisch f\u00fcr &#8222;Nicht verfolgen&#8220;). Das bedeutet, dass Ihr Browser seinem Skript mitteilen kann, keine Daten des Nutzers zu sammeln. Dies ist eine Einstellung, die in allen g\u00e4ngigen Browsern verf\u00fcgbar ist. Weitere Informationen zu Hotjars Engagement finden Sie hier.<\/span><\/p>\n<p><span style=\"font-weight: 400;\">Verarbeitete personenbezogene Daten : Nutzungsdaten; Tracker.<\/span><\/p>\n<p>&nbsp;<\/p>\n<p><span style=\"font-weight: 400;\">Ort der Datenverarbeitung: Malta &#8211; Datenschutzrichtlinie &#8211; Opt-Out-Option.<\/span><\/p>\n<p>&nbsp;<\/p>\n<h2><span style=\"font-weight: 400;\">Rechte der Nutzerinnen und Nutzer<\/span><\/h2>\n<p>&nbsp;<\/p>\n<p><span style=\"font-weight: 400;\">Die Nutzer k\u00f6nnen bestimmte Rechte in Bezug auf ihre vom Eigent\u00fcmer verarbeiteten Daten aus\u00fcben.<\/span><\/p>\n<p>&nbsp;<\/p>\n<p><span style=\"font-weight: 400;\">Die Nutzer haben insbesondere das Recht, Folgendes zu tun, soweit dies gesetzlich zul\u00e4ssig ist:<\/span><\/p>\n<p>&nbsp;<\/p>\n<ul>\n<li style=\"font-weight: 400;\" aria-level=\"1\"><span style=\"font-weight: 400;\">ihre Zustimmung jederzeit zur\u00fcckziehen. Die Nutzer haben das Recht, ihre Zustimmung zu widerrufen, wenn sie bereits ihre Zustimmung zur Verarbeitung ihrer Pers\u00f6nlichen Daten gegeben haben.<\/span><\/li>\n<li style=\"font-weight: 400;\" aria-level=\"1\"><span style=\"font-weight: 400;\">Widerspruch gegen die Verarbeitung ihrer Daten einlegen. Die Nutzer haben das Recht, der Verarbeitung ihrer Daten zu widersprechen, wenn die Verarbeitung auf einer anderen Rechtsgrundlage als der Zustimmung erfolgt. Weitere Einzelheiten werden im entsprechenden Abschnitt unten hinzugef\u00fcgt.<\/span><\/li>\n<li style=\"font-weight: 400;\" aria-level=\"1\"><span style=\"font-weight: 400;\">Auf ihre Daten zuzugreifen. Die Nutzer haben das Recht zu erfahren, ob die Daten vom Eigent\u00fcmer verarbeitet werden, Informationen \u00fcber bestimmte Aspekte der Verarbeitung zu erhalten und eine Kopie der Daten, die verarbeitet werden, zu erhalten.<\/span><\/li>\n<li style=\"font-weight: 400;\" aria-level=\"1\"><span style=\"font-weight: 400;\">\u00dcberpr\u00fcfen und eine Berichtigung erhalten. Die Nutzer haben das Recht, die Richtigkeit ihrer Daten zu \u00fcberpr\u00fcfen und zu verlangen, dass sie aktualisiert oder korrigiert werden.<\/span><\/li>\n<li style=\"font-weight: 400;\" aria-level=\"1\"><span style=\"font-weight: 400;\">Die Verarbeitung ihrer Daten einschr\u00e4nken. Die Nutzerinnen und Nutzer haben das Recht, die Verarbeitung ihrer Daten zu beschr\u00e4nken. In diesem Fall verarbeitet der Eigent\u00fcmer ihre Daten nur, um sie zu speichern.<\/span><\/li>\n<li style=\"font-weight: 400;\" aria-level=\"1\"><span style=\"font-weight: 400;\">Ihre Pers\u00f6nlichen Daten l\u00f6schen oder entfernen lassen. Die Nutzer haben das Recht, vom Eigent\u00fcmer die L\u00f6schung ihrer Daten zu verlangen.<\/span><\/li>\n<li style=\"font-weight: 400;\" aria-level=\"1\"><span style=\"font-weight: 400;\">Ihre Daten wiedererlangen und sie an einen anderen Datenverarbeiter \u00fcbertragen lassen. Die Nutzer haben das Recht, ihre Daten in einem strukturierten, g\u00e4ngigen und maschinenlesbaren Format abzurufen und, wenn dies technisch m\u00f6glich ist, ohne Hindernisse jeglicher Art an einen anderen Datenverarbeiter weiterleiten zu lassen.<\/span><\/li>\n<li style=\"font-weight: 400;\" aria-level=\"1\"><span style=\"font-weight: 400;\">Beschwerde einreichen. Die Nutzer haben das Recht, eine Beschwerde bei ihrer zust\u00e4ndigen Datenschutzbeh\u00f6rde einzureichen.<\/span><\/li>\n<\/ul>\n<p>&nbsp;<\/p>\n<h3><span style=\"font-weight: 400;\">Informationen \u00fcber das Recht auf Widerspruch gegen die Verarbeitung<\/span><\/h3>\n<p>&nbsp;<\/p>\n<p><span style=\"font-weight: 400;\">Wenn personenbezogene Daten im \u00f6ffentlichen Interesse, in Aus\u00fcbung einer dem Eigent\u00fcmer \u00fcbertragenen offiziellen Befugnis oder f\u00fcr die Zwecke der vom Eigent\u00fcmer verfolgten legitimen Interessen verarbeitet werden, k\u00f6nnen die Nutzer gegen diese Verarbeitung Widerspruch einlegen, indem sie einen Grund angeben, der mit ihrer besonderen Situation zusammenh\u00e4ngt, die diesen Widerspruch rechtfertigen soll.<\/span><\/p>\n<p>&nbsp;<\/p>\n<p><span style=\"font-weight: 400;\">Die Nutzer sollten jedoch wissen, dass sie, wenn ihre Pers\u00f6nlichen Daten zu Zwecken des Direktmarketings verarbeitet werden, dieser Verarbeitung jederzeit kostenlos und ohne Angabe von Gr\u00fcnden widersprechen k\u00f6nnen. Wenn der Nutzer der Verarbeitung zu Werbezwecken widerspricht, werden die Pers\u00f6nlichen Daten nicht mehr f\u00fcr diese Zwecke verarbeitet. Um zu erfahren, ob der Eigent\u00fcmer Pers\u00f6nliche Daten zum Zwecke des Direktmarketings verarbeitet, k\u00f6nnen die Nutzer die entsprechenden Abschnitte dieses Dokuments lesen.<\/span><\/p>\n<p>&nbsp;<\/p>\n<h3><span style=\"font-weight: 400;\">Wie Sie diese Rechte aus\u00fcben k\u00f6nnen<\/span><\/h3>\n<p>&nbsp;<\/p>\n<p><span style=\"font-weight: 400;\">Jede Anfrage zur Aus\u00fcbung der Rechte des Nutzers kann an den Eigent\u00fcmer \u00fcber die in diesem Dokument angegebenen Kontaktdaten gerichtet werden. Diese Anfragen k\u00f6nnen kostenlos gestellt werden und werden vom Eigent\u00fcmer beantwortet, indem er den Nutzern die gesetzlich vorgeschriebenen Informationen so schnell wie m\u00f6glich und immer innerhalb eines Monats zur Verf\u00fcgung stellt. Jede Berichtigung oder L\u00f6schung von Pers\u00f6nlichen Daten oder jede Einschr\u00e4nkung der Verarbeitung wird vom EIGENT\u00dcMER jedem Empf\u00e4nger, dem die Pers\u00f6nlichen Daten offengelegt wurden, gegebenenfalls mitgeteilt, es sei denn, dies erweist sich als unm\u00f6glich oder ist mit einem unverh\u00e4ltnism\u00e4\u00dfigen Aufwand verbunden. Auf Anfrage der Nutzer wird der EIGENT\u00dcMER sie \u00fcber diese Empf\u00e4nger informieren.<\/span><\/p>\n<p>&nbsp;<\/p>\n<h2><span style=\"font-weight: 400;\">Cookie-Richtlinie<\/span><\/h2>\n<p>&nbsp;<\/p>\n<p><span style=\"font-weight: 400;\">Diese Anwendung verwendet Tracker. F\u00fcr weitere Informationen kann der Nutzer die Cookie-Richtlinie lesen.<\/span><\/p>\n<p>&nbsp;<\/p>\n<h2><span style=\"font-weight: 400;\">Zus\u00e4tzliche Informationen \u00fcber die Verarbeitung und Sammlung von Daten<\/span><\/h2>\n<p>&nbsp;<\/p>\n<h3><span style=\"font-weight: 400;\">Klage vor Gericht<\/span><\/h3>\n<p>&nbsp;<\/p>\n<p><span style=\"font-weight: 400;\">Die Pers\u00f6nlichen Daten des Nutzers k\u00f6nnen vom Eigent\u00fcmer zu rechtlichen Zwecken vor Gericht oder in Phasen verwendet werden, die zu einer Klage f\u00fchren k\u00f6nnen, die sich aus einer unangemessenen Nutzung dieser Anwendung oder der damit verbundenen Dienste ergibt.<\/span><\/p>\n<p><span style=\"font-weight: 400;\">Der Nutzer ist sich der Tatsache bewusst, dass der EIGENT\u00dcMER pers\u00f6nliche Daten auf Anfrage von Beh\u00f6rden offenlegen kann.<\/span><\/p>\n<p>&nbsp;<\/p>\n<h3><span style=\"font-weight: 400;\">Zus\u00e4tzliche Informationen zu den Pers\u00f6nlichen Daten des Nutzers<\/span><\/h3>\n<p>&nbsp;<\/p>\n<p><span style=\"font-weight: 400;\">Zus\u00e4tzlich zu den in dieser Datenschutzrichtlinie enthaltenen Informationen kann diese Anwendung dem Nutzer weitere Informationen und Kontextinformationen \u00fcber bestimmte Dienste oder die Erhebung und Verarbeitung personenbezogener Daten zur Verf\u00fcgung stellen.<\/span><\/p>\n<p>&nbsp;<\/p>\n<h3><span style=\"font-weight: 400;\">System- und Wartungsprotokolle<\/span><\/h3>\n<p>&nbsp;<\/p>\n<p><span style=\"font-weight: 400;\">Zu Betriebs- und Wartungszwecken kann diese Anwendung und jeder Drittanbieterdienst Dateien sammeln, die Interaktionen mit dieser Anwendung aufzeichnen (Systemprotokolle), oder zu diesem Zweck andere personenbezogene Daten (wie die IP-Adresse) verwenden.<\/span><\/p>\n<p>&nbsp;<\/p>\n<h3><span style=\"font-weight: 400;\">Informationen, die nicht in dieser Richtlinie enthalten sind<\/span><\/h3>\n<p>&nbsp;<\/p>\n<p><span style=\"font-weight: 400;\">Weitere Informationen \u00fcber die Erhebung oder Verarbeitung von Pers\u00f6nlichen Daten k\u00f6nnen jederzeit beim Eigent\u00fcmer angefordert werden. Bitte beachten Sie die Kontaktdaten am Anfang dieses Dokuments.<\/span><\/p>\n<p>&nbsp;<\/p>\n<h3><span style=\"font-weight: 400;\">Wie &#8222;Nicht verfolgen&#8220;-Anfragen bearbeitet werden<\/span><\/h3>\n<p>&nbsp;<\/p>\n<p><span style=\"font-weight: 400;\">Diese Anwendung unterst\u00fctzt keine &#8222;Nicht verfolgen&#8220;-Anfragen.<\/span><\/p>\n<p><span style=\"font-weight: 400;\">Sehen Sie in den Datenschutzrichtlinien der Drittanbieterdienste nach, ob sie &#8222;Nicht nachverfolgen&#8220;-Anfragen akzeptieren oder nicht.<\/span><\/p>\n<p>&nbsp;<\/p>\n<h3><span style=\"font-weight: 400;\">\u00c4nderungen an dieser Datenschutzrichtlinie<\/span><\/h3>\n<p>&nbsp;<\/p>\n<p><span style=\"font-weight: 400;\">Der EIGENT\u00dcMER beh\u00e4lt sich das Recht vor, jederzeit \u00c4nderungen an dieser Datenschutzrichtlinie vorzunehmen, indem er seine Nutzer auf dieser Seite und m\u00f6glicherweise in dieser Anwendung dar\u00fcber informiert oder &#8211; soweit dies technisch und rechtlich m\u00f6glich ist &#8211; indem er den Nutzern eine Mitteilung \u00fcber die dem EIGENT\u00dcMER zur Verf\u00fcgung stehenden Kontaktdaten zukommen l\u00e4sst. Es wird dringend empfohlen, diese Seite h\u00e4ufig aufzurufen und sich dabei an dem unten angegebenen Datum der letzten \u00c4nderung zu orientieren.<\/span><\/p>\n<p>&nbsp;<\/p>\n<p><span style=\"font-weight: 400;\">Wenn die \u00c4nderungen die auf der Grundlage der Einwilligung des Nutzers durchgef\u00fchrten Verarbeitungsaktivit\u00e4ten beeinflussen, muss der Eigent\u00fcmer gegebenenfalls eine neue Einwilligung des Nutzers einholen.<\/span><\/p>\n<p>&nbsp;<\/p>\n<p><span style=\"font-weight: 400;\">Letzte Aktualisierung: 7. Juli 2023<\/span><\/p>\n<p>[\/et_pb_text][\/et_pb_column][\/et_pb_row][\/et_pb_section]<\/p>\n","protected":false},"excerpt":{"rendered":"<p>Datenschutzrichtlinie von lpdsuisse.ch &nbsp; Diese Anwendung sammelt bestimmte pers\u00f6nliche Daten von ihren Nutzern. &nbsp; Dieses Dokument kann zu Ansichtszwecken ausgedruckt werden, indem Sie den Druckbefehl in den Einstellungen eines beliebigen Browsers verwenden. Eigent\u00fcmer und Verantwortlicher f\u00fcr die Verarbeitung &nbsp; Die DIGIVORES GmbH rue des mara\u00eechers 36 1205 Genf &nbsp; Kontakt-E-Mail des Eigent\u00fcmers: info@lesdigivores.ch Arten von gesammelten Daten &nbsp; Zu den Arten von personenbezogenen Daten, die diese Anwendung direkt oder \u00fcber Dritte sammelt, geh\u00f6ren: Tracker, Nutzungsdaten. &nbsp; Vollst\u00e4ndige Einzelheiten zu jeder Art von erhobenen personenbezogenen Daten sind in den Abschnitten zu dieser Datenschutzrichtlinie oder in speziellen Erl\u00e4uterungstexten enthalten, die vor der Erhebung der Daten ver\u00f6ffentlicht wurden. Pers\u00f6nliche Daten k\u00f6nnen vom Nutzer freiwillig angegeben werden, oder, im Falle von Nutzungsdaten, automatisch gesammelt werden, wenn Sie diese Anwendung nutzen. Sofern nicht anders angegeben, sind alle von dieser Anwendung angeforderten Daten obligatorisch und ihr Fehlen kann die Erbringung der Dienste durch diese Anwendung unm\u00f6glich machen. Falls diese Anwendung angibt, dass bestimmte Daten nicht obligatorisch sind, steht es den Nutzern frei, diese Daten nicht anzugeben, ohne dass dies Auswirkungen auf die Verf\u00fcgbarkeit oder den Betrieb des Dienstes hat. Nutzer, die Zweifel hinsichtlich der obligatorischen pers\u00f6nlichen Daten haben, werden gebeten, den Eigent\u00fcmer zu kontaktieren. Jegliche Verwendung [&hellip;]<\/p>\n","protected":false},"author":3,"featured_media":0,"parent":0,"menu_order":0,"comment_status":"closed","ping_status":"closed","template":"","meta":{"_acf_changed":false,"_et_pb_use_builder":"on","_et_pb_old_content":"","_et_gb_content_width":"","footnotes":""},"class_list":["post-1143","page","type-page","status-publish","hentry"],"acf":[],"yoast_head":"<!-- This site is optimized with the Yoast SEO plugin v27.5 - https:\/\/yoast.com\/product\/yoast-seo-wordpress\/ -->\n<title>Datenschutzrichtlinien - \u00c4so! consent - Das Schweizer Plugin zur Zustimmung zu Cookies<\/title>\n<meta name=\"robots\" content=\"index, follow, max-snippet:-1, max-image-preview:large, max-video-preview:-1\" \/>\n<link rel=\"canonical\" href=\"https:\/\/lpdsuisse.ch\/de\/datenschutzrichtlinien\/\" \/>\n<meta property=\"og:locale\" content=\"de_DE\" \/>\n<meta property=\"og:type\" content=\"article\" \/>\n<meta property=\"og:title\" content=\"Datenschutzrichtlinien - \u00c4so! consent - Das Schweizer Plugin zur Zustimmung zu Cookies\" \/>\n<meta property=\"og:description\" content=\"Datenschutzrichtlinie von lpdsuisse.ch &nbsp; Diese Anwendung sammelt bestimmte pers\u00f6nliche Daten von ihren Nutzern. &nbsp; Dieses Dokument kann zu Ansichtszwecken ausgedruckt werden, indem Sie den Druckbefehl in den Einstellungen eines beliebigen Browsers verwenden. Eigent\u00fcmer und Verantwortlicher f\u00fcr die Verarbeitung &nbsp; Die DIGIVORES GmbH rue des mara\u00eechers 36 1205 Genf &nbsp; Kontakt-E-Mail des Eigent\u00fcmers: info@lesdigivores.ch Arten von gesammelten Daten &nbsp; Zu den Arten von personenbezogenen Daten, die diese Anwendung direkt oder \u00fcber Dritte sammelt, geh\u00f6ren: Tracker, Nutzungsdaten. &nbsp; Vollst\u00e4ndige Einzelheiten zu jeder Art von erhobenen personenbezogenen Daten sind in den Abschnitten zu dieser Datenschutzrichtlinie oder in speziellen Erl\u00e4uterungstexten enthalten, die vor der Erhebung der Daten ver\u00f6ffentlicht wurden. Pers\u00f6nliche Daten k\u00f6nnen vom Nutzer freiwillig angegeben werden, oder, im Falle von Nutzungsdaten, automatisch gesammelt werden, wenn Sie diese Anwendung nutzen. Sofern nicht anders angegeben, sind alle von dieser Anwendung angeforderten Daten obligatorisch und ihr Fehlen kann die Erbringung der Dienste durch diese Anwendung unm\u00f6glich machen. Falls diese Anwendung angibt, dass bestimmte Daten nicht obligatorisch sind, steht es den Nutzern frei, diese Daten nicht anzugeben, ohne dass dies Auswirkungen auf die Verf\u00fcgbarkeit oder den Betrieb des Dienstes hat. Nutzer, die Zweifel hinsichtlich der obligatorischen pers\u00f6nlichen Daten haben, werden gebeten, den Eigent\u00fcmer zu kontaktieren. Jegliche Verwendung [&hellip;]\" \/>\n<meta property=\"og:url\" content=\"https:\/\/lpdsuisse.ch\/de\/datenschutzrichtlinien\/\" \/>\n<meta property=\"og:site_name\" content=\"\u00c4so! consent - Das Schweizer Plugin zur Zustimmung zu Cookies\" \/>\n<meta property=\"article:modified_time\" content=\"2023-07-27T14:49:11+00:00\" \/>\n<meta name=\"twitter:card\" content=\"summary_large_image\" \/>\n<meta name=\"twitter:label1\" content=\"Gesch\u00e4tzte Lesezeit\" \/>\n\t<meta name=\"twitter:data1\" content=\"13\u00a0Minuten\" \/>\n<script type=\"application\/ld+json\" class=\"yoast-schema-graph\">{\"@context\":\"https:\\\/\\\/schema.org\",\"@graph\":[{\"@type\":\"WebPage\",\"@id\":\"https:\\\/\\\/lpdsuisse.ch\\\/de\\\/datenschutzrichtlinien\\\/\",\"url\":\"https:\\\/\\\/lpdsuisse.ch\\\/de\\\/datenschutzrichtlinien\\\/\",\"name\":\"Datenschutzrichtlinien - \u00c4so! consent - Das Schweizer Plugin zur Zustimmung zu Cookies\",\"isPartOf\":{\"@id\":\"https:\\\/\\\/lpdsuisse.ch\\\/de\\\/#website\"},\"datePublished\":\"2023-07-07T12:30:36+00:00\",\"dateModified\":\"2023-07-27T14:49:11+00:00\",\"breadcrumb\":{\"@id\":\"https:\\\/\\\/lpdsuisse.ch\\\/de\\\/datenschutzrichtlinien\\\/#breadcrumb\"},\"inLanguage\":\"de\",\"potentialAction\":[{\"@type\":\"ReadAction\",\"target\":[\"https:\\\/\\\/lpdsuisse.ch\\\/de\\\/datenschutzrichtlinien\\\/\"]}]},{\"@type\":\"BreadcrumbList\",\"@id\":\"https:\\\/\\\/lpdsuisse.ch\\\/de\\\/datenschutzrichtlinien\\\/#breadcrumb\",\"itemListElement\":[{\"@type\":\"ListItem\",\"position\":1,\"name\":\"Accueil\",\"item\":\"https:\\\/\\\/lpdsuisse.ch\\\/de\\\/\"},{\"@type\":\"ListItem\",\"position\":2,\"name\":\"Datenschutzrichtlinien\"}]},{\"@type\":\"WebSite\",\"@id\":\"https:\\\/\\\/lpdsuisse.ch\\\/de\\\/#website\",\"url\":\"https:\\\/\\\/lpdsuisse.ch\\\/de\\\/\",\"name\":\"\u00c4so! consent - Das Schweizer Plugin zur Zustimmung zu Cookies\",\"description\":\"\",\"publisher\":{\"@id\":\"https:\\\/\\\/lpdsuisse.ch\\\/de\\\/#organization\"},\"potentialAction\":[{\"@type\":\"SearchAction\",\"target\":{\"@type\":\"EntryPoint\",\"urlTemplate\":\"https:\\\/\\\/lpdsuisse.ch\\\/de\\\/?s={search_term_string}\"},\"query-input\":{\"@type\":\"PropertyValueSpecification\",\"valueRequired\":true,\"valueName\":\"search_term_string\"}}],\"inLanguage\":\"de\"},{\"@type\":\"Organization\",\"@id\":\"https:\\\/\\\/lpdsuisse.ch\\\/de\\\/#organization\",\"name\":\"\u00c4so! consent - Das Schweizer Plugin zur Zustimmung zu Cookies\",\"url\":\"https:\\\/\\\/lpdsuisse.ch\\\/de\\\/\",\"logo\":{\"@type\":\"ImageObject\",\"inLanguage\":\"de\",\"@id\":\"https:\\\/\\\/lpdsuisse.ch\\\/de\\\/#\\\/schema\\\/logo\\\/image\\\/\",\"url\":\"https:\\\/\\\/lpdsuisse.ch\\\/wp-content\\\/uploads\\\/2023\\\/06\\\/aso.svg\",\"contentUrl\":\"https:\\\/\\\/lpdsuisse.ch\\\/wp-content\\\/uploads\\\/2023\\\/06\\\/aso.svg\",\"width\":132,\"height\":36,\"caption\":\"\u00c4so! consent - Das Schweizer Plugin zur Zustimmung zu Cookies\"},\"image\":{\"@id\":\"https:\\\/\\\/lpdsuisse.ch\\\/de\\\/#\\\/schema\\\/logo\\\/image\\\/\"}}]}<\/script>\n<!-- \/ Yoast SEO plugin. -->","yoast_head_json":{"title":"Datenschutzrichtlinien - \u00c4so! consent - Das Schweizer Plugin zur Zustimmung zu Cookies","robots":{"index":"index","follow":"follow","max-snippet":"max-snippet:-1","max-image-preview":"max-image-preview:large","max-video-preview":"max-video-preview:-1"},"canonical":"https:\/\/lpdsuisse.ch\/de\/datenschutzrichtlinien\/","og_locale":"de_DE","og_type":"article","og_title":"Datenschutzrichtlinien - \u00c4so! consent - Das Schweizer Plugin zur Zustimmung zu Cookies","og_description":"Datenschutzrichtlinie von lpdsuisse.ch &nbsp; Diese Anwendung sammelt bestimmte pers\u00f6nliche Daten von ihren Nutzern. &nbsp; Dieses Dokument kann zu Ansichtszwecken ausgedruckt werden, indem Sie den Druckbefehl in den Einstellungen eines beliebigen Browsers verwenden. Eigent\u00fcmer und Verantwortlicher f\u00fcr die Verarbeitung &nbsp; Die DIGIVORES GmbH rue des mara\u00eechers 36 1205 Genf &nbsp; Kontakt-E-Mail des Eigent\u00fcmers: info@lesdigivores.ch Arten von gesammelten Daten &nbsp; Zu den Arten von personenbezogenen Daten, die diese Anwendung direkt oder \u00fcber Dritte sammelt, geh\u00f6ren: Tracker, Nutzungsdaten. &nbsp; Vollst\u00e4ndige Einzelheiten zu jeder Art von erhobenen personenbezogenen Daten sind in den Abschnitten zu dieser Datenschutzrichtlinie oder in speziellen Erl\u00e4uterungstexten enthalten, die vor der Erhebung der Daten ver\u00f6ffentlicht wurden. Pers\u00f6nliche Daten k\u00f6nnen vom Nutzer freiwillig angegeben werden, oder, im Falle von Nutzungsdaten, automatisch gesammelt werden, wenn Sie diese Anwendung nutzen. Sofern nicht anders angegeben, sind alle von dieser Anwendung angeforderten Daten obligatorisch und ihr Fehlen kann die Erbringung der Dienste durch diese Anwendung unm\u00f6glich machen. Falls diese Anwendung angibt, dass bestimmte Daten nicht obligatorisch sind, steht es den Nutzern frei, diese Daten nicht anzugeben, ohne dass dies Auswirkungen auf die Verf\u00fcgbarkeit oder den Betrieb des Dienstes hat. Nutzer, die Zweifel hinsichtlich der obligatorischen pers\u00f6nlichen Daten haben, werden gebeten, den Eigent\u00fcmer zu kontaktieren. Jegliche Verwendung [&hellip;]","og_url":"https:\/\/lpdsuisse.ch\/de\/datenschutzrichtlinien\/","og_site_name":"\u00c4so! consent - Das Schweizer Plugin zur Zustimmung zu Cookies","article_modified_time":"2023-07-27T14:49:11+00:00","twitter_card":"summary_large_image","twitter_misc":{"Gesch\u00e4tzte Lesezeit":"13\u00a0Minuten"},"schema":{"@context":"https:\/\/schema.org","@graph":[{"@type":"WebPage","@id":"https:\/\/lpdsuisse.ch\/de\/datenschutzrichtlinien\/","url":"https:\/\/lpdsuisse.ch\/de\/datenschutzrichtlinien\/","name":"Datenschutzrichtlinien - \u00c4so! consent - Das Schweizer Plugin zur Zustimmung zu Cookies","isPartOf":{"@id":"https:\/\/lpdsuisse.ch\/de\/#website"},"datePublished":"2023-07-07T12:30:36+00:00","dateModified":"2023-07-27T14:49:11+00:00","breadcrumb":{"@id":"https:\/\/lpdsuisse.ch\/de\/datenschutzrichtlinien\/#breadcrumb"},"inLanguage":"de","potentialAction":[{"@type":"ReadAction","target":["https:\/\/lpdsuisse.ch\/de\/datenschutzrichtlinien\/"]}]},{"@type":"BreadcrumbList","@id":"https:\/\/lpdsuisse.ch\/de\/datenschutzrichtlinien\/#breadcrumb","itemListElement":[{"@type":"ListItem","position":1,"name":"Accueil","item":"https:\/\/lpdsuisse.ch\/de\/"},{"@type":"ListItem","position":2,"name":"Datenschutzrichtlinien"}]},{"@type":"WebSite","@id":"https:\/\/lpdsuisse.ch\/de\/#website","url":"https:\/\/lpdsuisse.ch\/de\/","name":"\u00c4so! consent - Das Schweizer Plugin zur Zustimmung zu Cookies","description":"","publisher":{"@id":"https:\/\/lpdsuisse.ch\/de\/#organization"},"potentialAction":[{"@type":"SearchAction","target":{"@type":"EntryPoint","urlTemplate":"https:\/\/lpdsuisse.ch\/de\/?s={search_term_string}"},"query-input":{"@type":"PropertyValueSpecification","valueRequired":true,"valueName":"search_term_string"}}],"inLanguage":"de"},{"@type":"Organization","@id":"https:\/\/lpdsuisse.ch\/de\/#organization","name":"\u00c4so! consent - Das Schweizer Plugin zur Zustimmung zu Cookies","url":"https:\/\/lpdsuisse.ch\/de\/","logo":{"@type":"ImageObject","inLanguage":"de","@id":"https:\/\/lpdsuisse.ch\/de\/#\/schema\/logo\/image\/","url":"https:\/\/lpdsuisse.ch\/wp-content\/uploads\/2023\/06\/aso.svg","contentUrl":"https:\/\/lpdsuisse.ch\/wp-content\/uploads\/2023\/06\/aso.svg","width":132,"height":36,"caption":"\u00c4so! consent - Das Schweizer Plugin zur Zustimmung zu Cookies"},"image":{"@id":"https:\/\/lpdsuisse.ch\/de\/#\/schema\/logo\/image\/"}}]}},"_links":{"self":[{"href":"https:\/\/lpdsuisse.ch\/de\/wp-json\/wp\/v2\/pages\/1143","targetHints":{"allow":["GET"]}}],"collection":[{"href":"https:\/\/lpdsuisse.ch\/de\/wp-json\/wp\/v2\/pages"}],"about":[{"href":"https:\/\/lpdsuisse.ch\/de\/wp-json\/wp\/v2\/types\/page"}],"author":[{"embeddable":true,"href":"https:\/\/lpdsuisse.ch\/de\/wp-json\/wp\/v2\/users\/3"}],"replies":[{"embeddable":true,"href":"https:\/\/lpdsuisse.ch\/de\/wp-json\/wp\/v2\/comments?post=1143"}],"version-history":[{"count":0,"href":"https:\/\/lpdsuisse.ch\/de\/wp-json\/wp\/v2\/pages\/1143\/revisions"}],"wp:attachment":[{"href":"https:\/\/lpdsuisse.ch\/de\/wp-json\/wp\/v2\/media?parent=1143"}],"curies":[{"name":"wp","href":"https:\/\/api.w.org\/{rel}","templated":true}]}}